{"id":397,"date":"2023-01-05T00:49:53","date_gmt":"2023-01-04T23:49:53","guid":{"rendered":"http:\/\/fratresinvitam.fr\/?page_id=397"},"modified":"2023-01-05T00:49:54","modified_gmt":"2023-01-04T23:49:54","slug":"campement-ateliers","status":"publish","type":"page","link":"https:\/\/fratresinvitam.fr\/index.php\/campement-ateliers\/","title":{"rendered":"Campement &#038; ateliers"},"content":{"rendered":"\n<p>Notre campement se compose de l&#8217;ensemble des \u00e9l\u00e9ments permettant de passer plusieurs jours en quasi autonomie tout en pr\u00e9sentant de multiples aspects de la vie quotidienne de la vie du d\u00e9but du XIIe si\u00e8cle : Des tentes vari\u00e9es (telles que saxonne, poivri\u00e8re et pavillon), une tente chapelle, un auvent faisant office de r\u00e9fectoire, ainsi que de multiples ateliers et points d&#8217;animation p\u00e9dagogique.<\/p>\n\n\n\n<div class=\"wp-block-columns is-layout-flex wp-container-core-columns-is-layout-9d6595d7 wp-block-columns-is-layout-flex\">\n<div class=\"wp-block-column is-layout-flow wp-block-column-is-layout-flow\">\n<figure class=\"wp-block-image size-large\"><img loading=\"lazy\" decoding=\"async\" width=\"1024\" height=\"430\" src=\"http:\/\/fratresinvitam.fr\/wp-content\/uploads\/2023\/01\/Camp-1-1024x430.png\" alt=\"\" class=\"wp-image-417\" srcset=\"https:\/\/fratresinvitam.fr\/wp-content\/uploads\/2023\/01\/Camp-1-1024x430.png 1024w, https:\/\/fratresinvitam.fr\/wp-content\/uploads\/2023\/01\/Camp-1-300x126.png 300w, https:\/\/fratresinvitam.fr\/wp-content\/uploads\/2023\/01\/Camp-1-768x322.png 768w, https:\/\/fratresinvitam.fr\/wp-content\/uploads\/2023\/01\/Camp-1-143x60.png 143w, https:\/\/fratresinvitam.fr\/wp-content\/uploads\/2023\/01\/Camp-1.png 1444w\" sizes=\"auto, (max-width: 1024px) 100vw, 1024px\" \/><\/figure>\n<\/div>\n\n\n\n<div class=\"wp-block-column is-layout-flow wp-block-column-is-layout-flow\">\n<figure class=\"wp-block-image size-large\"><img loading=\"lazy\" decoding=\"async\" width=\"1024\" height=\"429\" src=\"http:\/\/fratresinvitam.fr\/wp-content\/uploads\/2023\/01\/Camp-2-1024x429.png\" alt=\"\" class=\"wp-image-419\" srcset=\"https:\/\/fratresinvitam.fr\/wp-content\/uploads\/2023\/01\/Camp-2-1024x429.png 1024w, https:\/\/fratresinvitam.fr\/wp-content\/uploads\/2023\/01\/Camp-2-300x126.png 300w, https:\/\/fratresinvitam.fr\/wp-content\/uploads\/2023\/01\/Camp-2-768x322.png 768w, https:\/\/fratresinvitam.fr\/wp-content\/uploads\/2023\/01\/Camp-2-143x60.png 143w, https:\/\/fratresinvitam.fr\/wp-content\/uploads\/2023\/01\/Camp-2.png 1443w\" sizes=\"auto, (max-width: 1024px) 100vw, 1024px\" \/><\/figure>\n<\/div>\n\n\n\n<div class=\"wp-block-column is-layout-flow wp-block-column-is-layout-flow\">\n<figure class=\"wp-block-image size-large\"><img loading=\"lazy\" decoding=\"async\" width=\"1024\" height=\"429\" src=\"http:\/\/fratresinvitam.fr\/wp-content\/uploads\/2023\/01\/Camp-3-1024x429.png\" alt=\"\" class=\"wp-image-418\" srcset=\"https:\/\/fratresinvitam.fr\/wp-content\/uploads\/2023\/01\/Camp-3-1024x429.png 1024w, https:\/\/fratresinvitam.fr\/wp-content\/uploads\/2023\/01\/Camp-3-300x126.png 300w, https:\/\/fratresinvitam.fr\/wp-content\/uploads\/2023\/01\/Camp-3-768x322.png 768w, https:\/\/fratresinvitam.fr\/wp-content\/uploads\/2023\/01\/Camp-3-143x60.png 143w, https:\/\/fratresinvitam.fr\/wp-content\/uploads\/2023\/01\/Camp-3.png 1443w\" sizes=\"auto, (max-width: 1024px) 100vw, 1024px\" \/><\/figure>\n<\/div>\n<\/div>\n\n\n\n<div class=\"wp-block-columns is-layout-flex wp-container-core-columns-is-layout-9d6595d7 wp-block-columns-is-layout-flex\">\n<div class=\"wp-block-column is-layout-flow wp-block-column-is-layout-flow\">\n<figure class=\"wp-block-image size-large\"><img loading=\"lazy\" decoding=\"async\" width=\"1024\" height=\"430\" src=\"http:\/\/fratresinvitam.fr\/wp-content\/uploads\/2023\/01\/Camp-4-1024x430.png\" alt=\"\" class=\"wp-image-420\" srcset=\"https:\/\/fratresinvitam.fr\/wp-content\/uploads\/2023\/01\/Camp-4-1024x430.png 1024w, https:\/\/fratresinvitam.fr\/wp-content\/uploads\/2023\/01\/Camp-4-300x126.png 300w, https:\/\/fratresinvitam.fr\/wp-content\/uploads\/2023\/01\/Camp-4-768x323.png 768w, https:\/\/fratresinvitam.fr\/wp-content\/uploads\/2023\/01\/Camp-4-143x60.png 143w, https:\/\/fratresinvitam.fr\/wp-content\/uploads\/2023\/01\/Camp-4.png 1442w\" sizes=\"auto, (max-width: 1024px) 100vw, 1024px\" \/><\/figure>\n<\/div>\n\n\n\n<div class=\"wp-block-column is-layout-flow wp-block-column-is-layout-flow\">\n<figure class=\"wp-block-image size-large\"><img loading=\"lazy\" decoding=\"async\" width=\"1024\" height=\"430\" src=\"http:\/\/fratresinvitam.fr\/wp-content\/uploads\/2023\/01\/Camp-5-1024x430.png\" alt=\"\" class=\"wp-image-432\" srcset=\"https:\/\/fratresinvitam.fr\/wp-content\/uploads\/2023\/01\/Camp-5-1024x430.png 1024w, https:\/\/fratresinvitam.fr\/wp-content\/uploads\/2023\/01\/Camp-5-300x126.png 300w, https:\/\/fratresinvitam.fr\/wp-content\/uploads\/2023\/01\/Camp-5-768x322.png 768w, https:\/\/fratresinvitam.fr\/wp-content\/uploads\/2023\/01\/Camp-5-143x60.png 143w, https:\/\/fratresinvitam.fr\/wp-content\/uploads\/2023\/01\/Camp-5.png 1440w\" sizes=\"auto, (max-width: 1024px) 100vw, 1024px\" \/><\/figure>\n<\/div>\n\n\n\n<div class=\"wp-block-column is-layout-flow wp-block-column-is-layout-flow\">\n<figure class=\"wp-block-image size-large\"><img loading=\"lazy\" decoding=\"async\" width=\"1024\" height=\"429\" src=\"http:\/\/fratresinvitam.fr\/wp-content\/uploads\/2023\/01\/Camp-6-1-1024x429.png\" alt=\"\" class=\"wp-image-422\" srcset=\"https:\/\/fratresinvitam.fr\/wp-content\/uploads\/2023\/01\/Camp-6-1-1024x429.png 1024w, https:\/\/fratresinvitam.fr\/wp-content\/uploads\/2023\/01\/Camp-6-1-300x126.png 300w, https:\/\/fratresinvitam.fr\/wp-content\/uploads\/2023\/01\/Camp-6-1-768x322.png 768w, https:\/\/fratresinvitam.fr\/wp-content\/uploads\/2023\/01\/Camp-6-1-143x60.png 143w, https:\/\/fratresinvitam.fr\/wp-content\/uploads\/2023\/01\/Camp-6-1.png 1443w\" sizes=\"auto, (max-width: 1024px) 100vw, 1024px\" \/><\/figure>\n<\/div>\n<\/div>\n\n\n\n<hr class=\"wp-block-separator has-alpha-channel-opacity\"\/>\n\n\n\n<blockquote class=\"wp-block-quote is-layout-flow wp-block-quote-is-layout-flow\">\n<p>Nos ateliers &amp; pr\u00e9sentations p\u00e9dagogiques<\/p>\n<\/blockquote>\n\n\n\n<div class=\"wp-block-media-text alignwide is-stacked-on-mobile\"><figure class=\"wp-block-media-text__media\"><img loading=\"lazy\" decoding=\"async\" width=\"1024\" height=\"430\" src=\"http:\/\/fratresinvitam.fr\/wp-content\/uploads\/2023\/01\/Armurerie-1024x430.png\" alt=\"\" class=\"wp-image-423 size-full\" srcset=\"https:\/\/fratresinvitam.fr\/wp-content\/uploads\/2023\/01\/Armurerie-1024x430.png 1024w, https:\/\/fratresinvitam.fr\/wp-content\/uploads\/2023\/01\/Armurerie-300x126.png 300w, https:\/\/fratresinvitam.fr\/wp-content\/uploads\/2023\/01\/Armurerie-768x322.png 768w, https:\/\/fratresinvitam.fr\/wp-content\/uploads\/2023\/01\/Armurerie-143x60.png 143w, https:\/\/fratresinvitam.fr\/wp-content\/uploads\/2023\/01\/Armurerie.png 1444w\" sizes=\"auto, (max-width: 1024px) 100vw, 1024px\" \/><\/figure><div class=\"wp-block-media-text__content\">\n<p><\/p>\n\n\n\n<blockquote class=\"wp-block-quote is-layout-flow wp-block-quote-is-layout-flow\">\n<p>Armurerie<\/p>\n<\/blockquote>\n\n\n\n<p>Les \u00e9quipements militaires occidentaux et orientaux : armures, armes de corps \u00e0 corps, armes de jet&#8230;<\/p>\n<\/div><\/div>\n\n\n\n<hr class=\"wp-block-separator has-alpha-channel-opacity\"\/>\n\n\n\n<div class=\"wp-block-media-text alignwide is-stacked-on-mobile\"><figure class=\"wp-block-media-text__media\"><img loading=\"lazy\" decoding=\"async\" width=\"1024\" height=\"430\" src=\"http:\/\/fratresinvitam.fr\/wp-content\/uploads\/2023\/01\/Calligraphie-1-1024x430.png\" alt=\"\" class=\"wp-image-424 size-full\" srcset=\"https:\/\/fratresinvitam.fr\/wp-content\/uploads\/2023\/01\/Calligraphie-1-1024x430.png 1024w, https:\/\/fratresinvitam.fr\/wp-content\/uploads\/2023\/01\/Calligraphie-1-300x126.png 300w, https:\/\/fratresinvitam.fr\/wp-content\/uploads\/2023\/01\/Calligraphie-1-768x323.png 768w, https:\/\/fratresinvitam.fr\/wp-content\/uploads\/2023\/01\/Calligraphie-1-143x60.png 143w, https:\/\/fratresinvitam.fr\/wp-content\/uploads\/2023\/01\/Calligraphie-1.png 1443w\" sizes=\"auto, (max-width: 1024px) 100vw, 1024px\" \/><\/figure><div class=\"wp-block-media-text__content\">\n<p><\/p>\n\n\n\n<blockquote class=\"wp-block-quote is-layout-flow wp-block-quote-is-layout-flow\">\n<p>Calligraphie<\/p>\n<\/blockquote>\n\n\n\n<p>Le m\u00e9tier et statut de copiste, le mat\u00e9riel d&#8217;\u00e9criture : encres, parchemins, leur origine naturelle&#8230;<\/p>\n<\/div><\/div>\n\n\n\n<hr class=\"wp-block-separator has-alpha-channel-opacity\"\/>\n\n\n\n<div class=\"wp-block-media-text alignwide is-stacked-on-mobile\"><figure class=\"wp-block-media-text__media\"><img loading=\"lazy\" decoding=\"async\" width=\"1024\" height=\"429\" src=\"http:\/\/fratresinvitam.fr\/wp-content\/uploads\/2023\/01\/Chapelle-1024x429.png\" alt=\"\" class=\"wp-image-425 size-full\" srcset=\"https:\/\/fratresinvitam.fr\/wp-content\/uploads\/2023\/01\/Chapelle-1024x429.png 1024w, https:\/\/fratresinvitam.fr\/wp-content\/uploads\/2023\/01\/Chapelle-300x126.png 300w, https:\/\/fratresinvitam.fr\/wp-content\/uploads\/2023\/01\/Chapelle-768x322.png 768w, https:\/\/fratresinvitam.fr\/wp-content\/uploads\/2023\/01\/Chapelle-143x60.png 143w, https:\/\/fratresinvitam.fr\/wp-content\/uploads\/2023\/01\/Chapelle.png 1443w\" sizes=\"auto, (max-width: 1024px) 100vw, 1024px\" \/><\/figure><div class=\"wp-block-media-text__content\">\n<p><\/p>\n\n\n\n<blockquote class=\"wp-block-quote is-layout-flow wp-block-quote-is-layout-flow\">\n<p>Chapelle<\/p>\n<\/blockquote>\n\n\n\n<p>La liturgie au c\u0153ur de la vie des ordres monastiques militaires. <\/p>\n<\/div><\/div>\n\n\n\n<hr class=\"wp-block-separator has-alpha-channel-opacity\"\/>\n\n\n\n<div class=\"wp-block-media-text alignwide is-stacked-on-mobile\"><figure class=\"wp-block-media-text__media\"><img loading=\"lazy\" decoding=\"async\" width=\"1024\" height=\"430\" src=\"http:\/\/fratresinvitam.fr\/wp-content\/uploads\/2023\/01\/Cirerie-1024x430.png\" alt=\"\" class=\"wp-image-426 size-full\" srcset=\"https:\/\/fratresinvitam.fr\/wp-content\/uploads\/2023\/01\/Cirerie-1024x430.png 1024w, https:\/\/fratresinvitam.fr\/wp-content\/uploads\/2023\/01\/Cirerie-300x126.png 300w, https:\/\/fratresinvitam.fr\/wp-content\/uploads\/2023\/01\/Cirerie-768x322.png 768w, https:\/\/fratresinvitam.fr\/wp-content\/uploads\/2023\/01\/Cirerie-143x60.png 143w, https:\/\/fratresinvitam.fr\/wp-content\/uploads\/2023\/01\/Cirerie.png 1442w\" sizes=\"auto, (max-width: 1024px) 100vw, 1024px\" \/><\/figure><div class=\"wp-block-media-text__content\">\n<p><\/p>\n\n\n\n<blockquote class=\"wp-block-quote is-layout-flow wp-block-quote-is-layout-flow\">\n<p>Cirerie &amp; \u00e9clairage<\/p>\n<\/blockquote>\n\n\n\n<p>Les bougies et autres sources de lumi\u00e8res existantes, leur utilisation, lien avec le rang social&#8230;<\/p>\n<\/div><\/div>\n\n\n\n<hr class=\"wp-block-separator has-alpha-channel-opacity\"\/>\n\n\n\n<div class=\"wp-block-media-text alignwide is-stacked-on-mobile\"><figure class=\"wp-block-media-text__media\"><img loading=\"lazy\" decoding=\"async\" width=\"1024\" height=\"429\" src=\"http:\/\/fratresinvitam.fr\/wp-content\/uploads\/2023\/01\/Cuisine-1024x429.png\" alt=\"\" class=\"wp-image-427 size-full\" srcset=\"https:\/\/fratresinvitam.fr\/wp-content\/uploads\/2023\/01\/Cuisine-1024x429.png 1024w, https:\/\/fratresinvitam.fr\/wp-content\/uploads\/2023\/01\/Cuisine-300x126.png 300w, https:\/\/fratresinvitam.fr\/wp-content\/uploads\/2023\/01\/Cuisine-768x321.png 768w, https:\/\/fratresinvitam.fr\/wp-content\/uploads\/2023\/01\/Cuisine-143x60.png 143w, https:\/\/fratresinvitam.fr\/wp-content\/uploads\/2023\/01\/Cuisine.png 1443w\" sizes=\"auto, (max-width: 1024px) 100vw, 1024px\" \/><\/figure><div class=\"wp-block-media-text__content\">\n<p><\/p>\n\n\n\n<blockquote class=\"wp-block-quote is-layout-flow wp-block-quote-is-layout-flow\">\n<p>Cuisine<\/p>\n<\/blockquote>\n\n\n\n<p>Les aliments, \u00e9pices, ustensiles et m\u00e9thodes de cuisson.<\/p>\n<\/div><\/div>\n\n\n\n<hr class=\"wp-block-separator has-alpha-channel-opacity\"\/>\n\n\n\n<div class=\"wp-block-media-text alignwide is-stacked-on-mobile\"><figure class=\"wp-block-media-text__media\"><img loading=\"lazy\" decoding=\"async\" width=\"1024\" height=\"429\" src=\"http:\/\/fratresinvitam.fr\/wp-content\/uploads\/2023\/01\/Forge-1-1024x429.png\" alt=\"\" class=\"wp-image-428 size-full\" srcset=\"https:\/\/fratresinvitam.fr\/wp-content\/uploads\/2023\/01\/Forge-1-1024x429.png 1024w, https:\/\/fratresinvitam.fr\/wp-content\/uploads\/2023\/01\/Forge-1-300x126.png 300w, https:\/\/fratresinvitam.fr\/wp-content\/uploads\/2023\/01\/Forge-1-768x321.png 768w, https:\/\/fratresinvitam.fr\/wp-content\/uploads\/2023\/01\/Forge-1-143x60.png 143w, https:\/\/fratresinvitam.fr\/wp-content\/uploads\/2023\/01\/Forge-1.png 1443w\" sizes=\"auto, (max-width: 1024px) 100vw, 1024px\" \/><\/figure><div class=\"wp-block-media-text__content\">\n<p><\/p>\n\n\n\n<blockquote class=\"wp-block-quote is-layout-flow wp-block-quote-is-layout-flow\">\n<p>Forge<\/p>\n<\/blockquote>\n\n\n\n<p>Le travail du fer \u00e0 travers ses diverses formes, ferronnerie, coutellerie.<\/p>\n<\/div><\/div>\n\n\n\n<hr class=\"wp-block-separator has-alpha-channel-opacity\"\/>\n\n\n\n<div class=\"wp-block-media-text alignwide is-stacked-on-mobile\"><figure class=\"wp-block-media-text__media\"><img loading=\"lazy\" decoding=\"async\" width=\"1024\" height=\"429\" src=\"http:\/\/fratresinvitam.fr\/wp-content\/uploads\/2023\/01\/Monnaie-1024x429.png\" alt=\"\" class=\"wp-image-429 size-full\" srcset=\"https:\/\/fratresinvitam.fr\/wp-content\/uploads\/2023\/01\/Monnaie-1024x429.png 1024w, https:\/\/fratresinvitam.fr\/wp-content\/uploads\/2023\/01\/Monnaie-300x126.png 300w, https:\/\/fratresinvitam.fr\/wp-content\/uploads\/2023\/01\/Monnaie-768x322.png 768w, https:\/\/fratresinvitam.fr\/wp-content\/uploads\/2023\/01\/Monnaie-143x60.png 143w, https:\/\/fratresinvitam.fr\/wp-content\/uploads\/2023\/01\/Monnaie.png 1443w\" sizes=\"auto, (max-width: 1024px) 100vw, 1024px\" \/><\/figure><div class=\"wp-block-media-text__content\">\n<p><\/p>\n\n\n\n<blockquote class=\"wp-block-quote is-layout-flow wp-block-quote-is-layout-flow\">\n<p>Frappe de monnaie et finance<\/p>\n<\/blockquote>\n\n\n\n<p>La frappe de monnaie et la circulation de la finance \u00e0 travers l&#8217;essor du commerce et des p\u00e8lerinages.<\/p>\n<\/div><\/div>\n\n\n\n<hr class=\"wp-block-separator has-alpha-channel-opacity\"\/>\n\n\n\n<div class=\"wp-block-media-text alignwide is-stacked-on-mobile\"><figure class=\"wp-block-media-text__media\"><img loading=\"lazy\" decoding=\"async\" width=\"1024\" height=\"430\" src=\"http:\/\/fratresinvitam.fr\/wp-content\/uploads\/2023\/01\/Haubergerie-1024x430.png\" alt=\"\" class=\"wp-image-430 size-full\" srcset=\"https:\/\/fratresinvitam.fr\/wp-content\/uploads\/2023\/01\/Haubergerie-1024x430.png 1024w, https:\/\/fratresinvitam.fr\/wp-content\/uploads\/2023\/01\/Haubergerie-300x126.png 300w, https:\/\/fratresinvitam.fr\/wp-content\/uploads\/2023\/01\/Haubergerie-768x322.png 768w, https:\/\/fratresinvitam.fr\/wp-content\/uploads\/2023\/01\/Haubergerie-143x60.png 143w, https:\/\/fratresinvitam.fr\/wp-content\/uploads\/2023\/01\/Haubergerie.png 1444w\" sizes=\"auto, (max-width: 1024px) 100vw, 1024px\" \/><\/figure><div class=\"wp-block-media-text__content\">\n<p><\/p>\n\n\n\n<blockquote class=\"wp-block-quote is-layout-flow wp-block-quote-is-layout-flow\">\n<p>Haubergerie<\/p>\n<\/blockquote>\n\n\n\n<p>M\u00e9tier et statut de l&#8217;haubergier, fabrication et \u00e9volution de la cotte de maille.<\/p>\n<\/div><\/div>\n\n\n\n<hr class=\"wp-block-separator has-alpha-channel-opacity\"\/>\n\n\n\n<div class=\"wp-block-media-text alignwide is-stacked-on-mobile\"><figure class=\"wp-block-media-text__media\"><img loading=\"lazy\" decoding=\"async\" width=\"1024\" height=\"429\" src=\"http:\/\/fratresinvitam.fr\/wp-content\/uploads\/2023\/01\/Medecine-2-1024x429.png\" alt=\"\" class=\"wp-image-434 size-full\" srcset=\"https:\/\/fratresinvitam.fr\/wp-content\/uploads\/2023\/01\/Medecine-2-1024x429.png 1024w, https:\/\/fratresinvitam.fr\/wp-content\/uploads\/2023\/01\/Medecine-2-300x126.png 300w, https:\/\/fratresinvitam.fr\/wp-content\/uploads\/2023\/01\/Medecine-2-768x321.png 768w, https:\/\/fratresinvitam.fr\/wp-content\/uploads\/2023\/01\/Medecine-2-143x60.png 143w, https:\/\/fratresinvitam.fr\/wp-content\/uploads\/2023\/01\/Medecine-2.png 1443w\" sizes=\"auto, (max-width: 1024px) 100vw, 1024px\" \/><\/figure><div class=\"wp-block-media-text__content\">\n<p><\/p>\n\n\n\n<blockquote class=\"wp-block-quote is-layout-flow wp-block-quote-is-layout-flow\">\n<p>M\u00e9decine &amp; apothicairerie<\/p>\n<\/blockquote>\n\n\n\n<p>Evolution des pratiques m\u00e9dicales en orient et occident, outils et produits naturels utilis\u00e9s.<\/p>\n<\/div><\/div>\n\n\n\n<hr class=\"wp-block-separator has-alpha-channel-opacity\"\/>\n\n\n\n<blockquote class=\"wp-block-quote is-layout-flow wp-block-quote-is-layout-flow\">\n<p>Organisateur(trice) ?<\/p>\n<\/blockquote>\n\n\n\n<p>Pour accueillir l&#8217;ensemble de notre campement, il faut pr\u00e9voir une surface de l&#8217;ordre de 500m\u00b2 minimum avec acc\u00e8s \u00e0 un point d&#8217;eau et sanitaires.<\/p>\n\n\n\n<p>Des questions ? N&#8217;h\u00e9sitez pas \u00e0 nous contacter.<\/p>\n","protected":false},"excerpt":{"rendered":"<p>Notre campement se compose de l&#8217;ensemble des \u00e9l\u00e9ments permettant de passer plusieurs jours en quasi autonomie tout en pr\u00e9sentant de multiples aspects de la vie &hellip; <\/p>\n","protected":false},"author":1,"featured_media":0,"parent":0,"menu_order":0,"comment_status":"closed","ping_status":"closed","template":"","meta":{"footnotes":""},"class_list":["post-397","page","type-page","status-publish","hentry"],"_links":{"self":[{"href":"https:\/\/fratresinvitam.fr\/index.php\/wp-json\/wp\/v2\/pages\/397","targetHints":{"allow":["GET"]}}],"collection":[{"href":"https:\/\/fratresinvitam.fr\/index.php\/wp-json\/wp\/v2\/pages"}],"about":[{"href":"https:\/\/fratresinvitam.fr\/index.php\/wp-json\/wp\/v2\/types\/page"}],"author":[{"embeddable":true,"href":"https:\/\/fratresinvitam.fr\/index.php\/wp-json\/wp\/v2\/users\/1"}],"replies":[{"embeddable":true,"href":"https:\/\/fratresinvitam.fr\/index.php\/wp-json\/wp\/v2\/comments?post=397"}],"version-history":[{"count":7,"href":"https:\/\/fratresinvitam.fr\/index.php\/wp-json\/wp\/v2\/pages\/397\/revisions"}],"predecessor-version":[{"id":437,"href":"https:\/\/fratresinvitam.fr\/index.php\/wp-json\/wp\/v2\/pages\/397\/revisions\/437"}],"wp:attachment":[{"href":"https:\/\/fratresinvitam.fr\/index.php\/wp-json\/wp\/v2\/media?parent=397"}],"curies":[{"name":"wp","href":"https:\/\/api.w.org\/{rel}","templated":true}]}}