{"id":57,"date":"2022-12-24T02:37:38","date_gmt":"2022-12-24T01:37:38","guid":{"rendered":"http:\/\/fratresinvitam.fr\/?page_id=57"},"modified":"2022-12-27T13:13:47","modified_gmt":"2022-12-27T12:13:47","slug":"presentation-de-lassociation","status":"publish","type":"page","link":"https:\/\/fratresinvitam.fr\/index.php\/presentation-de-lassociation\/","title":{"rendered":"Pr\u00e9sentation de l&#8217;association"},"content":{"rendered":"\n<p>Reconstitution historique pr\u00e9sentant les ordres monastiques militaires des XIIe &amp; XIIIe si\u00e8cles.<\/p>\n\n\n\n<div class=\"wp-block-cover is-light\"><span aria-hidden=\"true\" class=\"wp-block-cover__background has-background-dim\"><\/span><img loading=\"lazy\" decoding=\"async\" width=\"2560\" height=\"1920\" class=\"wp-block-cover__image-background wp-image-89\" alt=\"\" src=\"http:\/\/fratresinvitam.fr\/wp-content\/uploads\/2022\/12\/IMG_20220607_204639-scaled.jpg\" data-object-fit=\"cover\" srcset=\"https:\/\/fratresinvitam.fr\/wp-content\/uploads\/2022\/12\/IMG_20220607_204639-scaled.jpg 2560w, https:\/\/fratresinvitam.fr\/wp-content\/uploads\/2022\/12\/IMG_20220607_204639-300x225.jpg 300w, https:\/\/fratresinvitam.fr\/wp-content\/uploads\/2022\/12\/IMG_20220607_204639-1024x768.jpg 1024w, https:\/\/fratresinvitam.fr\/wp-content\/uploads\/2022\/12\/IMG_20220607_204639-768x576.jpg 768w, https:\/\/fratresinvitam.fr\/wp-content\/uploads\/2022\/12\/IMG_20220607_204639-1536x1152.jpg 1536w, https:\/\/fratresinvitam.fr\/wp-content\/uploads\/2022\/12\/IMG_20220607_204639-2048x1536.jpg 2048w, https:\/\/fratresinvitam.fr\/wp-content\/uploads\/2022\/12\/IMG_20220607_204639-80x60.jpg 80w\" sizes=\"auto, (max-width: 2560px) 100vw, 2560px\" \/><div class=\"wp-block-cover__inner-container is-layout-flow wp-block-cover-is-layout-flow\">\n<p class=\"has-text-align-center has-large-font-size\"><\/p>\n<\/div><\/div>\n\n\n\n<blockquote class=\"wp-block-quote is-layout-flow wp-block-quote-is-layout-flow\">\n<p><\/p>\n\n\n\n<p>Cr\u00e9\u00e9e en 2013, l&#8217;association Fratres in Vitam rassemble un groupe d&#8217;amis passionn\u00e9s d&#8217;Histoire.<\/p>\n\n\n\n<p>Au travers des personnages que nous incarnons et des ateliers th\u00e9matiques que nous pr\u00e9sentons sur notre campement, nous tentons de reconstituer un aper\u00e7u de ce que pouvait \u00eatre la vie r\u00e9elle de ces moines-soldats qui bercent encore l&#8217;imaginaire collectif.<\/p>\n\n\n\n<p><\/p>\n\n\n\n<p>Notre association pr\u00e9sente les principaux ordres religieux militaris\u00e9s existant au premier quart du XIIIe si\u00e8cle, tels que Templiers, Hospitaliers, Teutons et Lazaristes.<\/p>\n\n\n\n<p><\/p>\n\n\n\n<p><\/p>\n<\/blockquote>\n\n\n\n<div class=\"wp-block-group\"><div class=\"wp-block-group__inner-container is-layout-constrained wp-block-group-is-layout-constrained\">\n<div class=\"wp-block-media-text alignwide is-stacked-on-mobile\" style=\"grid-template-columns:36% auto\"><figure class=\"wp-block-media-text__media\"><img loading=\"lazy\" decoding=\"async\" width=\"1024\" height=\"436\" src=\"http:\/\/fratresinvitam.fr\/wp-content\/uploads\/2022\/12\/Capture-decran-Ride-1024x436.png\" alt=\"\" class=\"wp-image-98 size-full\" srcset=\"https:\/\/fratresinvitam.fr\/wp-content\/uploads\/2022\/12\/Capture-decran-Ride-1024x436.png 1024w, https:\/\/fratresinvitam.fr\/wp-content\/uploads\/2022\/12\/Capture-decran-Ride-300x128.png 300w, https:\/\/fratresinvitam.fr\/wp-content\/uploads\/2022\/12\/Capture-decran-Ride-768x327.png 768w, https:\/\/fratresinvitam.fr\/wp-content\/uploads\/2022\/12\/Capture-decran-Ride-1536x654.png 1536w, https:\/\/fratresinvitam.fr\/wp-content\/uploads\/2022\/12\/Capture-decran-Ride-141x60.png 141w, https:\/\/fratresinvitam.fr\/wp-content\/uploads\/2022\/12\/Capture-decran-Ride.png 1920w\" sizes=\"auto, (max-width: 1024px) 100vw, 1024px\" \/><\/figure><div class=\"wp-block-media-text__content\">\n<blockquote class=\"wp-block-quote is-layout-flow wp-block-quote-is-layout-flow\">\n<p>Contexte spatio-temporel<\/p>\n<\/blockquote>\n\n\n\n<p>Le contexte dans lequel \u00e9volue notre association est l&#8217;Europe catholique du premier quart du XIIIe si\u00e8cle. Sur notre campement sont \u00e9galement pr\u00e9sent\u00e9s des \u00e9l\u00e9ments orientaux de cette m\u00eame p\u00e9riode, illustrant le fait que les ordres que nous repr\u00e9sentons ont un pied dans les deux mondes. Contrairement \u00e0 la r\u00e9alit\u00e9 historique, ici, les membres des diff\u00e9rents ordres sont m\u00e9lang\u00e9s pour offrir une vue large et diversifi\u00e9e de cette sp\u00e9cificit\u00e9 qu&#8217;est l&#8217;apparition d&#8217;organisations \u00e0 la fois monastiques et combattants dans l&#8217;Europe m\u00e9di\u00e9vale.<\/p>\n\n\n\n<p><\/p>\n\n\n\n<p><\/p>\n<\/div><\/div>\n<\/div><\/div>\n\n\n\n<div class=\"wp-block-media-text alignwide is-stacked-on-mobile\" style=\"grid-template-columns:36% auto\"><figure class=\"wp-block-media-text__media\"><img loading=\"lazy\" decoding=\"async\" width=\"1024\" height=\"437\" src=\"http:\/\/fratresinvitam.fr\/wp-content\/uploads\/2022\/12\/Capture-decran-medic-1024x437.png\" alt=\"\" class=\"wp-image-97 size-full\" srcset=\"https:\/\/fratresinvitam.fr\/wp-content\/uploads\/2022\/12\/Capture-decran-medic-1024x437.png 1024w, https:\/\/fratresinvitam.fr\/wp-content\/uploads\/2022\/12\/Capture-decran-medic-300x128.png 300w, https:\/\/fratresinvitam.fr\/wp-content\/uploads\/2022\/12\/Capture-decran-medic-768x328.png 768w, https:\/\/fratresinvitam.fr\/wp-content\/uploads\/2022\/12\/Capture-decran-medic-1536x656.png 1536w, https:\/\/fratresinvitam.fr\/wp-content\/uploads\/2022\/12\/Capture-decran-medic-140x60.png 140w, https:\/\/fratresinvitam.fr\/wp-content\/uploads\/2022\/12\/Capture-decran-medic.png 1920w\" sizes=\"auto, (max-width: 1024px) 100vw, 1024px\" \/><\/figure><div class=\"wp-block-media-text__content\">\n<blockquote class=\"wp-block-quote is-layout-flow wp-block-quote-is-layout-flow\">\n<p>D\u00e9marche &amp; concr\u00e9tisation<\/p>\n<\/blockquote>\n\n\n\n<p>Notre travail se base sur ce multiples sources historiques, qu&#8217;il s&#8217;agisse de pi\u00e8ces arch\u00e9ologiques, iconographies ou travaux d&#8217;historiens et recherches universitaires. Ceci afin de pr\u00e9senter une reconstitution aussi fid\u00e8le que possible dans les tenues civiles et militaires, les ateliers, le mobilier, la vaisselle et autres nombreux objets du quotidien que nous pr\u00e9sentons sur notre campement.<\/p>\n\n\n\n<p>A travers nos ateliers, activit\u00e9s et d\u00e9ambulations, nous avons \u00e0 c\u0153ur de partager notre passion de l&#8217;histoire avec le public. Dans une approche ouverte et p\u00e9dagogique, nous pr\u00e9sentons la vie quotidienne \u00e0 travers les multiples aspects de cette p\u00e9riode et ses r\u00e9alit\u00e9s, souvent bien loin des clich\u00e9s et id\u00e9es re\u00e7ues.<\/p>\n<\/div><\/div>\n","protected":false},"excerpt":{"rendered":"<p>Reconstitution historique pr\u00e9sentant les ordres monastiques militaires des XIIe &amp; XIIIe si\u00e8cles. Cr\u00e9\u00e9e en 2013, l&#8217;association Fratres in Vitam rassemble un groupe d&#8217;amis passionn\u00e9s d&#8217;Histoire. &hellip; <\/p>\n","protected":false},"author":1,"featured_media":0,"parent":0,"menu_order":0,"comment_status":"closed","ping_status":"closed","template":"","meta":{"footnotes":""},"class_list":["post-57","page","type-page","status-publish","hentry"],"_links":{"self":[{"href":"https:\/\/fratresinvitam.fr\/index.php\/wp-json\/wp\/v2\/pages\/57","targetHints":{"allow":["GET"]}}],"collection":[{"href":"https:\/\/fratresinvitam.fr\/index.php\/wp-json\/wp\/v2\/pages"}],"about":[{"href":"https:\/\/fratresinvitam.fr\/index.php\/wp-json\/wp\/v2\/types\/page"}],"author":[{"embeddable":true,"href":"https:\/\/fratresinvitam.fr\/index.php\/wp-json\/wp\/v2\/users\/1"}],"replies":[{"embeddable":true,"href":"https:\/\/fratresinvitam.fr\/index.php\/wp-json\/wp\/v2\/comments?post=57"}],"version-history":[{"count":17,"href":"https:\/\/fratresinvitam.fr\/index.php\/wp-json\/wp\/v2\/pages\/57\/revisions"}],"predecessor-version":[{"id":283,"href":"https:\/\/fratresinvitam.fr\/index.php\/wp-json\/wp\/v2\/pages\/57\/revisions\/283"}],"wp:attachment":[{"href":"https:\/\/fratresinvitam.fr\/index.php\/wp-json\/wp\/v2\/media?parent=57"}],"curies":[{"name":"wp","href":"https:\/\/api.w.org\/{rel}","templated":true}]}}